{"id":218,"date":"2015-12-09T11:51:58","date_gmt":"2015-12-09T10:51:58","guid":{"rendered":"http:\/\/fcsjelche.umh.es\/?page_id=218"},"modified":"2025-10-01T11:00:09","modified_gmt":"2025-10-01T09:00:09","slug":"guia-ayuda-para-utilizar-la-aplicacion-tfg","status":"publish","type":"page","link":"https:\/\/fcsjelche.umh.es\/ca\/estudiantes\/trabajo-de-fin-de-grado\/guia-ayuda-para-utilizar-la-aplicacion-tfg\/","title":{"rendered":"Guia TFG per a estudiants"},"content":{"rendered":"<p><\/p>\n<h3><strong>Procediments dels TFGs. Facultat de Ci\u00e8ncies Socials i Jur\u00eddiques d&#8217;Elx<\/strong><\/h3>\n<hr \/>\n<h4><strong>1\u00ba FASE: ELECCI\u00d3 O ASSIGNACI\u00d3 DE TUTOR<\/strong><\/h4>\n<p>Per a poder triar tutor o sol\u00b7licitar que s&#8217;assigne un: s&#8217;ha de comptar amb un nombre de cr\u00e8dits matriculats igual o superior a 180 ECTS (no cal estar matriculat del TFG) i haver superat totes les assignatures de 1r i 2n curs.<\/p>\n<p>Quan es complisca amb estos requisits des de l&#8217;aplicaci\u00f3 &#8220;Gesti\u00f3n del TFG&#8221;, que\u00a0 es troba en l&#8217;acc\u00e9s personalizado,\u00a0 es podr\u00e0:<\/p>\n<p style=\"padding-left: 40px\">Triar un tutor (<strong>MODEL A<\/strong>) : en este cas, s&#8217;ha de buscar un tutorament i directament en l&#8217;aplicaci\u00f3 realitzar en &#8220;Gesti\u00f3n de propostes de TFG&#8221; la sol\u00b7licitud de tema i elecci\u00f3 del tutor. Esta elecci\u00f3 ser\u00e0 validada pel professor i acceptada pel vicedeg\u00e0 de la titulaci\u00f3. Este model A est\u00e0 obert tot l&#8217;any a excepci\u00f3 del per\u00edode de sol\u00b7licitud d&#8217;assignaci\u00f3 de tutor model B.<\/p>\n<p><strong><a href=\"https:\/\/fcsjelche.umh.es\/files\/2021\/11\/GU\u00cdA-MOD-A-APLICACI\u00d3N-TFG_Estudiante-.pdf\">GUIA APLICACI\u00d3 TFG_Estudiante MODEL A (Pdf)<\/a><\/strong><\/p>\n<p style=\"padding-left: 40px\">Sol\u00b7licitar assignaci\u00f3 de tema i tutor (<strong>MODEL B<\/strong>) : en este cas, s&#8217;ha de comprovar quines s\u00f3n les dates que la Facultat ha fixat en el &#8220;Calendario d&#8217;assignaci\u00f3 de tutor&#8221; (generalment al novembre) . Pocs dies despr\u00e9s, en la data que s&#8217;indique, caldr\u00e0 sol\u00b7licitar les prefer\u00e8ncies de temes que estiguen disponibles. Transcorregut el dit termini s&#8217;assigna un tutor, per orde d&#8217;expedient i per orde de prefer\u00e8ncies. Quan s&#8217;assigne un tutor, ja es podr\u00e0 contactar amb ell.<\/p>\n<p><strong><a href=\"https:\/\/fcsjelche.umh.es\/files\/2019\/04\/GU\u00cdA-APLICACI\u00d3N-TFG_Estudiante-MODELO-B.pdf\">GUIA APLICACI\u00d3 TFG_Estudiante MODEL B (Pdf)<\/a><\/strong><\/p>\n<hr \/>\n<h4><strong>2\u00ba FASE: MATRICULACI\u00d3<\/strong><\/h4>\n<p>Per a poder efectuar la matr\u00edcula del TFG ser\u00e0 condici\u00f3 necess\u00e0ria estar matriculat de tots els cr\u00e8dits pendents per a finalitzar els estudis, aix\u00ed com haver superat el 75 % dels cr\u00e8dits del pla d&#8217;estudis, entre els que han d&#8217;estar inclosos necess\u00e0riament els que corresponguen als dos primers cursos de la titulaci\u00f3.<\/p>\n<p>En el Calendari Acad\u00e8mic v\u00e9nen establides les dates de matr\u00edcula del TFG, s&#8217;obrin quatre terminis a l&#8217;any (gener, mar\u00e7, juliol i setembre) . La matr\u00edcula s&#8217;ha de tramitar en el CEGECA i d\u00f3na dret a les dos convocat\u00f2ries ordin\u00e0ries de defensa en el mateix curs acad\u00e8mic (juny i setembre).<\/p>\n<p>Per a optar a les convocat\u00f2ries extraordin\u00e0ries de desembre y\/o febrer es deur\u00e0 haur\u00e0 de sol\u00b7licitar en les dates assenyalades en el Calendari Acad\u00e8mic, esta sol\u00b7licitud es pot tramitar en el CEGECA o a trav\u00e9s de l&#8217;acc\u00e9s personal en l&#8217;assignatura de TFG.<\/p>\n<p><strong><a href=\"https:\/\/estudios.umh.es\/calendario-academico\/\">Calendari Acad\u00e8mic<\/a><\/strong><\/p>\n<hr \/>\n<h4><strong>3\u00ba FASE: DEFENSA<\/strong><\/h4>\n<p>Per a poder presentar el treball hi haur\u00e0 dos convocat\u00f2ries per curs, les ordin\u00e0ries (juny i setembre) i les extraordin\u00e0ries si se sol\u00b7liciten dins del termini i la forma escaient (desembre, febrer) en el per\u00edode establit en el calendari acad\u00e8mic.<\/p>\n<p>En les dates fixades per la Facultat en el calendari de defensa (es troben publicades en el blog de la titulaci\u00f3)\u00a0 es tindr\u00e0 que:<\/p>\n<p style=\"padding-left: 40px\"><strong>1\u00ba<\/strong> En l&#8217;aplicaci\u00f3 de &#8220;Gesti\u00f3n del TFG&#8221; a la que s&#8217;accedix des de l&#8217;acc\u00e9s personalitzat, sol\u00b7licitar l&#8217;avaluaci\u00f3 i pujar el treball (haur\u00e0 d&#8217;incloure l&#8217;abstract i les paraules clau del TFG). S&#8217;acompanyar\u00e0 la impressi\u00f3 de pantallazo del final del proc\u00e9s on apareix &#8220;<strong>La sol\u00b7licitud ha sigut tramitada<\/strong>&#8221; en la sol\u00b7licitud presentada en el CEGECA.<\/p>\n<p style=\"padding-left: 40px\"><strong>2\u00ba<\/strong> Entregar en el CEGECA o a trav\u00e9s de la Seu Electr\u00f2nica els documents seg\u00fcents:<\/p>\n<p style=\"padding-left: 80px\">Annex IV (document sol\u00b7licitud de defensa, omplit i firmat per l&#8217;alumne i per tutor)<\/p>\n<p style=\"padding-left: 80px\">El pantallazo impr\u00e9s de l&#8217;aplicatiu on aparega &#8220;<strong>La sol\u00b7licitud ha sigut tramitada<\/strong>&#8220;<\/p>\n<p style=\"padding-left: 80px\">La cessi\u00f3 de drets omplida i firmada per alumne.<\/p>\n<p style=\"padding-left: 40px\"><strong>3\u00ba <\/strong>Concretar amb el tutor dia, hora i lloc per a l&#8217;\u00faltima sessi\u00f3 avaluativa.<\/p>\n<h5><a href=\"https:\/\/fcsjelche.umh.es\/files\/2019\/04\/GU\u00cdA-SOLICITUD-EVALUACI\u00d3N-TFG_Estudiante.pdf\">GUIA SOL\u00b7LICITUD AVALUACI\u00d3 TFG_Estudiante (Pdf)<\/a><\/h5>\n<h5><a href=\"https:\/\/fcsjelche.umh.es\/files\/2020\/07\/ANEXO-IV-SOLICITUD-DEFENSA-TFG.pdf\" rel=\"noopener noreferrer\">ANNEX IV SOL\u00b7LICITUD DEFENSA TFG (Pdf)<\/a><\/h5>\n<h5><a href=\"https:\/\/fcsjelche.umh.es\/files\/2019\/04\/BIBLIOTECA-MODELO-DE-AUTORIZACI\u00d3N-PARA-EL-DEP\u00d3SITO-DE-TRABAJOS-ACAD\u00c9MICOS-UMH.pdf\">BIBLIOTECA MODELO-DE-AUTORIZACI\u00d3N-PARA-EL-DEP\u00d3SITO-DE-TRABAJOS- ACAD\u00c9MICOS-UMH (Pdf)<\/a><\/h5>\n<h5><a href=\"https:\/\/fcsjelche.umh.es\/files\/2015\/12\/VideoTutorial-SolicitudDefensaTFG.zip\">V\u00eddeo Tutorial Sol\u00b7licitud Defensa TFG (video desc\u00e0rrega 14,7 MB)<\/a><\/h5>\n<h5><span style=\"color: #000000\"><a style=\"color: #000000\" href=\"http:\/\/dspace.umh.es\/handle\/11000\/6\">Consultes altres Tfgs.\u00a0<\/a><\/span><a href=\"http:\/\/dspace.umh.es\/handle\/11000\/6\">PULSE L&#8217;ENLLA\u00c7 PER A CONSULTAR EL REPOSADOR EN BIBLIOTEQUES DE TFG<\/a><\/h5>\n<hr \/>\n<p>Per a consultar dubtes sobre TFGs contacta amb la Facultat de Ci\u00e8ncies Socials i Jur\u00eddiques d&#8217;Elx.<br \/>\n<strong>\u00a0<\/strong><\/p>","protected":false},"excerpt":{"rendered":"<p>Procediments dels TFGs. Facultat de Ci\u00e8ncies Socials i Jur\u00eddiques d&#8217;Elx<\/p>\n<p>1\u00ba FASE: ELECCI\u00d3 O ASSIGNACI\u00d3 DE TUTOR<br \/>\nPer a poder triar tutor o sol\u00b7licitar que s&#8217;assigne un: s&#8217;ha de comptar amb un nombre de cr\u00e8dits matriculats igual o superior a 180 ECTS (no cal estar matriculat del TFG) i haver superat totes les assignatures de 1r i [&#8230;]<\/p>\n","protected":false},"author":309,"featured_media":0,"parent":47,"menu_order":30,"comment_status":"closed","ping_status":"closed","template":"","meta":{"_links_to":"","_links_to_target":""},"_links":{"self":[{"href":"https:\/\/fcsjelche.umh.es\/ca\/wp-json\/wp\/v2\/pages\/218"}],"collection":[{"href":"https:\/\/fcsjelche.umh.es\/ca\/wp-json\/wp\/v2\/pages"}],"about":[{"href":"https:\/\/fcsjelche.umh.es\/ca\/wp-json\/wp\/v2\/types\/page"}],"author":[{"embeddable":true,"href":"https:\/\/fcsjelche.umh.es\/ca\/wp-json\/wp\/v2\/users\/309"}],"replies":[{"embeddable":true,"href":"https:\/\/fcsjelche.umh.es\/ca\/wp-json\/wp\/v2\/comments?post=218"}],"version-history":[{"count":0,"href":"https:\/\/fcsjelche.umh.es\/ca\/wp-json\/wp\/v2\/pages\/218\/revisions"}],"up":[{"embeddable":true,"href":"https:\/\/fcsjelche.umh.es\/ca\/wp-json\/wp\/v2\/pages\/47"}],"wp:attachment":[{"href":"https:\/\/fcsjelche.umh.es\/ca\/wp-json\/wp\/v2\/media?parent=218"}],"curies":[{"name":"wp","href":"https:\/\/api.w.org\/{rel}","templated":true}]}}